{"id":112,"date":"2020-10-01T18:15:22","date_gmt":"2020-10-01T18:15:22","guid":{"rendered":"http:\/\/www.maluchuwieliny.pl\/?page_id=112"},"modified":"2024-07-26T07:04:01","modified_gmt":"2024-07-26T07:04:01","slug":"rekrutacja","status":"publish","type":"page","link":"https:\/\/www.maluchuwieliny.pl\/?page_id=112","title":{"rendered":"REKRUTACJA"},"content":{"rendered":"\t\t<div data-elementor-type=\"wp-page\" data-elementor-id=\"112\" class=\"elementor elementor-112\" data-elementor-settings=\"[]\">\n\t\t\t\t\t\t<div class=\"elementor-inner\">\n\t\t\t\t\t\t\t<div class=\"elementor-section-wrap\">\n\t\t\t\t\t\t\t<section class=\"elementor-section elementor-top-section elementor-element elementor-element-c2aae5e elementor-section-boxed elementor-section-height-default elementor-section-height-default\" data-id=\"c2aae5e\" data-element_type=\"section\">\n\t\t\t\t\t\t<div class=\"elementor-container elementor-column-gap-default\">\n\t\t\t\t\t\t\t<div class=\"elementor-row\">\n\t\t\t\t\t<div class=\"elementor-column elementor-col-100 elementor-top-column elementor-element elementor-element-5d80345\" data-id=\"5d80345\" data-element_type=\"column\">\n\t\t\t<div class=\"elementor-column-wrap elementor-element-populated\">\n\t\t\t\t\t\t\t<div class=\"elementor-widget-wrap\">\n\t\t\t\t\t\t<div class=\"elementor-element elementor-element-b60fec5 elementor-widget elementor-widget-heading\" data-id=\"b60fec5\" data-element_type=\"widget\" data-widget_type=\"heading.default\">\n\t\t\t\t<div class=\"elementor-widget-container\">\n\t\t\t<h2 class=\"elementor-heading-title elementor-size-default\">Rekturacja<\/h2>\t\t<\/div>\n\t\t\t\t<\/div>\n\t\t\t\t\t\t<\/div>\n\t\t\t\t\t<\/div>\n\t\t<\/div>\n\t\t\t\t\t\t\t\t<\/div>\n\t\t\t\t\t<\/div>\n\t\t<\/section>\n\t\t\t\t<section class=\"elementor-section elementor-top-section elementor-element elementor-element-b8fb1fd elementor-section-boxed elementor-section-height-default elementor-section-height-default\" data-id=\"b8fb1fd\" data-element_type=\"section\">\n\t\t\t\t\t\t<div class=\"elementor-container elementor-column-gap-default\">\n\t\t\t\t\t\t\t<div class=\"elementor-row\">\n\t\t\t\t\t<div class=\"elementor-column elementor-col-100 elementor-top-column elementor-element elementor-element-23b0046\" data-id=\"23b0046\" data-element_type=\"column\">\n\t\t\t<div class=\"elementor-column-wrap elementor-element-populated\">\n\t\t\t\t\t\t\t<div class=\"elementor-widget-wrap\">\n\t\t\t\t\t\t<section class=\"elementor-section elementor-inner-section elementor-element elementor-element-9e09760 elementor-section-boxed elementor-section-height-default elementor-section-height-default\" data-id=\"9e09760\" data-element_type=\"section\">\n\t\t\t\t\t\t<div class=\"elementor-container elementor-column-gap-default\">\n\t\t\t\t\t\t\t<div class=\"elementor-row\">\n\t\t\t\t\t<div class=\"elementor-column elementor-col-100 elementor-inner-column elementor-element elementor-element-23c0745\" data-id=\"23c0745\" data-element_type=\"column\">\n\t\t\t<div class=\"elementor-column-wrap elementor-element-populated\">\n\t\t\t\t\t\t\t<div class=\"elementor-widget-wrap\">\n\t\t\t\t\t\t<div class=\"elementor-element elementor-element-0c664dc elementor-widget elementor-widget-text-editor\" data-id=\"0c664dc\" data-element_type=\"widget\" data-widget_type=\"text-editor.default\">\n\t\t\t\t<div class=\"elementor-widget-container\">\n\t\t\t\t\t<div class=\"elementor-text-editor elementor-clearfix\"><p><strong>M<\/strong><b>aluch prowadzi rekrutacj\u0119 dzieci do grup przedszkolnych przez ca\u0142y rok kalendarzowy, w miar\u0119 posiadania wolnych miejsc. Dzieci przyjmowane s\u0105 wed\u0142ug kolejno\u015bci z\u0142o\u017conych w plac\u00f3wce kart zg\u0142oszeniowych. Pierwsze\u0144stwo maj\u0105 dzieci przechodz\u0105ce ze \u017c\u0142obka do przedszkola oraz kontynuuj\u0105ce opiek\u0119 w przedszkolu. Do grup przedszkolnych przyjmowane s\u0105 dzieci po indywidualnym ustaleniu od 2,5lat do 6 lat. <\/b><\/p><\/div>\n\t\t\t\t<\/div>\n\t\t\t\t<\/div>\n\t\t\t\t\t\t<\/div>\n\t\t\t\t\t<\/div>\n\t\t<\/div>\n\t\t\t\t\t\t\t\t<\/div>\n\t\t\t\t\t<\/div>\n\t\t<\/section>\n\t\t\t\t<div class=\"elementor-element elementor-element-968c3cd elementor-headline--style-highlight elementor-widget elementor-widget-animated-headline\" data-id=\"968c3cd\" data-element_type=\"widget\" data-settings=\"{&quot;highlighted_text&quot;:&quot;Karta zg\\u0142oszeniowa &quot;,&quot;headline_style&quot;:&quot;highlight&quot;,&quot;marker&quot;:&quot;circle&quot;}\" data-widget_type=\"animated-headline.default\">\n\t\t\t\t<div class=\"elementor-widget-container\">\n\t\t\t<a href=\"https:\/\/app.inso.pl\/child-recruitment\/be8cf21a-d921-11ed-8c81-067ddf103830\/application\">\t\t<h3 class=\"elementor-headline\">\n\t\t\t\t\t\t<span class=\"elementor-headline-dynamic-wrapper elementor-headline-text-wrapper\"><\/span>\n\t\t\t\t\t<\/h3>\n\t\t<\/a>\t\t<\/div>\n\t\t\t\t<\/div>\n\t\t\t\t<div class=\"elementor-element elementor-element-aaca0fb elementor-headline--style-highlight elementor-widget elementor-widget-animated-headline\" data-id=\"aaca0fb\" data-element_type=\"widget\" data-settings=\"{&quot;highlighted_text&quot;:&quot;Plik do pobrania&quot;,&quot;headline_style&quot;:&quot;highlight&quot;,&quot;marker&quot;:&quot;circle&quot;}\" data-widget_type=\"animated-headline.default\">\n\t\t\t\t<div class=\"elementor-widget-container\">\n\t\t\t<a href=\"http:\/\/www.maluchuwieliny.pl\/\/Dokumenty\/WYPRAWKA%20DO%20PRZEDSZKOLA.pdf\">\t\t<p class=\"elementor-headline\">\n\t\t\t\t\t\t\t<span class=\"elementor-headline-plain-text elementor-headline-text-wrapper\">Wyprawka  -<\/span>\n\t\t\t\t\t\t<span class=\"elementor-headline-dynamic-wrapper elementor-headline-text-wrapper\"><\/span>\n\t\t\t\t\t<\/p>\n\t\t<\/a>\t\t<\/div>\n\t\t\t\t<\/div>\n\t\t\t\t\t\t<\/div>\n\t\t\t\t\t<\/div>\n\t\t<\/div>\n\t\t\t\t\t\t\t\t<\/div>\n\t\t\t\t\t<\/div>\n\t\t<\/section>\n\t\t\t\t\t\t<\/div>\n\t\t\t\t\t\t<\/div>\n\t\t\t\t\t<\/div>\n\t\t","protected":false},"excerpt":{"rendered":"<p>Rekturacja Maluch prowadzi rekrutacj\u0119 dzieci do grup przedszkolnych przez ca\u0142y rok kalendarzowy, w miar\u0119 posiadania wolnych miejsc. Dzieci przyjmowane s\u0105 wed\u0142ug kolejno\u015bci z\u0142o\u017conych w plac\u00f3wce kart zg\u0142oszeniowych. Pierwsze\u0144stwo maj\u0105 dzieci przechodz\u0105ce ze \u017c\u0142obka do przedszkola oraz kontynuuj\u0105ce opiek\u0119 w przedszkolu. Do grup przedszkolnych przyjmowane s\u0105 dzieci po indywidualnym ustaleniu od 2,5lat do 6 lat. Wyprawka [&hellip;]<\/p>\n","protected":false},"author":1,"featured_media":0,"parent":106,"menu_order":0,"comment_status":"closed","ping_status":"closed","template":"","meta":[],"_links":{"self":[{"href":"https:\/\/www.maluchuwieliny.pl\/index.php?rest_route=\/wp\/v2\/pages\/112"}],"collection":[{"href":"https:\/\/www.maluchuwieliny.pl\/index.php?rest_route=\/wp\/v2\/pages"}],"about":[{"href":"https:\/\/www.maluchuwieliny.pl\/index.php?rest_route=\/wp\/v2\/types\/page"}],"author":[{"embeddable":true,"href":"https:\/\/www.maluchuwieliny.pl\/index.php?rest_route=\/wp\/v2\/users\/1"}],"replies":[{"embeddable":true,"href":"https:\/\/www.maluchuwieliny.pl\/index.php?rest_route=%2Fwp%2Fv2%2Fcomments&post=112"}],"version-history":[{"count":11,"href":"https:\/\/www.maluchuwieliny.pl\/index.php?rest_route=\/wp\/v2\/pages\/112\/revisions"}],"predecessor-version":[{"id":574,"href":"https:\/\/www.maluchuwieliny.pl\/index.php?rest_route=\/wp\/v2\/pages\/112\/revisions\/574"}],"up":[{"embeddable":true,"href":"https:\/\/www.maluchuwieliny.pl\/index.php?rest_route=\/wp\/v2\/pages\/106"}],"wp:attachment":[{"href":"https:\/\/www.maluchuwieliny.pl\/index.php?rest_route=%2Fwp%2Fv2%2Fmedia&parent=112"}],"curies":[{"name":"wp","href":"https:\/\/api.w.org\/{rel}","templated":true}]}}